{"id":1078,"date":"2022-03-02T06:24:21","date_gmt":"2022-03-02T06:24:21","guid":{"rendered":"https:\/\/svodbohemia.cz\/?page_id=1078"},"modified":"2023-08-24T10:57:56","modified_gmt":"2023-08-24T10:57:56","slug":"koncepce-dopravy","status":"publish","type":"page","link":"https:\/\/svodbohemia.cz\/index.php\/koncepce-dopravy\/","title":{"rendered":"Koncepce dopravy"},"content":{"rendered":"\t\t<div data-elementor-type=\"wp-page\" data-elementor-id=\"1078\" class=\"elementor elementor-1078\" data-elementor-post-type=\"page\">\n\t\t\t\t\t\t<section class=\"elementor-section elementor-top-section elementor-element elementor-element-95994fa elementor-section-boxed elementor-section-height-default elementor-section-height-default\" data-id=\"95994fa\" data-element_type=\"section\">\n\t\t\t\t\t\t<div class=\"elementor-container elementor-column-gap-default\">\n\t\t\t\t\t<div class=\"elementor-column elementor-col-100 elementor-top-column elementor-element elementor-element-05e3e8f\" data-id=\"05e3e8f\" data-element_type=\"column\">\n\t\t\t<div class=\"elementor-widget-wrap elementor-element-populated\">\n\t\t\t\t\t\t<div class=\"elementor-element elementor-element-4bb52ab elementor-widget elementor-widget-toggle\" data-id=\"4bb52ab\" data-element_type=\"widget\" data-widget_type=\"toggle.default\">\n\t\t\t\t<div class=\"elementor-widget-container\">\n\t\t\t\t\t\t\t<div class=\"elementor-toggle\">\n\t\t\t\t\t\t\t<div class=\"elementor-toggle-item\">\n\t\t\t\t\t<div id=\"elementor-tab-title-7931\" class=\"elementor-tab-title\" data-tab=\"1\" role=\"button\" aria-controls=\"elementor-tab-content-7931\" aria-expanded=\"false\">\n\t\t\t\t\t\t\t\t\t\t\t\t<span class=\"elementor-toggle-icon elementor-toggle-icon-left\" aria-hidden=\"true\">\n\t\t\t\t\t\t\t\t\t\t\t\t\t\t\t<span class=\"elementor-toggle-icon-closed\"><i class=\"fas fa-caret-right\"><\/i><\/span>\n\t\t\t\t\t\t\t\t<span class=\"elementor-toggle-icon-opened\"><i class=\"elementor-toggle-icon-opened fas fa-caret-up\"><\/i><\/span>\n\t\t\t\t\t\t\t\t\t\t\t\t\t<\/span>\n\t\t\t\t\t\t\t\t\t\t\t\t<a class=\"elementor-toggle-title\" tabindex=\"0\">\u010cesk\u00e1 \u017eelezni\u010dn\u00ed s\u00ed\u0165 nen\u00ed stejnom\u011brn\u011b vyu\u017e\u00edvan\u00e1<\/a>\n\t\t\t\t\t<\/div>\n\n\t\t\t\t\t<div id=\"elementor-tab-content-7931\" class=\"elementor-tab-content elementor-clearfix\" data-tab=\"1\" role=\"region\" aria-labelledby=\"elementor-tab-title-7931\"><p>V\u011bt\u0161ina p\u0159epravn\u00edch v\u00fdkon\u016f se odehr\u00e1v\u00e1 na jedn\u00e9 p\u00e1te\u0159n\u00ed trati (Praha \u2013 Kol\u00edn \u2013 \u010cesk\u00e1 T\u0159ebov\u00e1 \u2013 Olomouc \u2013 P\u0159erov \u2013 Ostrava). Ta je v sou\u010dasn\u00e9 dob\u011b p\u0159et\u00ed\u017een\u00e1 a grafikon vlakov\u00e9 dopravy je nestabiln\u00ed. O to t\u011b\u017e\u0161\u00ed je zajistit kvalitu a spolehlivost. Nab\u00eddka interval\u016f vlakov\u00e9 dopravy je t\u00edm men\u0161\u00ed, \u010d\u00edm jsou parametry \u00a0infrastruktury hor\u0161\u00ed. J\u00edzdn\u00ed \u0159\u00e1d s pravideln\u00fdm intervalem 30 minut v region\u00e1ln\u00ed doprav\u011b a 60 minut v d\u00e1lkov\u00e9 doprav\u011b (nad 100 km) je absolutn\u00ed minimum. Interval 120 minut a v\u00edce je z pohledu b\u011b\u017en\u00e9ho cestuj\u00edc\u00edho v podstat\u011b ad hoc vlak. P\u0159ilo\u017een\u00e1 <span style=\"text-decoration: underline;\"><strong><a href=\"https:\/\/svodbohemia.cz\/wp-content\/uploads\/2023\/08\/takt.pdf\">mapa<\/a><\/strong><\/span> zobrazuje sou\u010dasn\u00fd stav interval\u016f vlakov\u00e9 dopravy v r\u00e1mci \u010cesk\u00e9 republiky.<\/p><\/div>\n\t\t\t\t<\/div>\n\t\t\t\t\t\t\t<div class=\"elementor-toggle-item\">\n\t\t\t\t\t<div id=\"elementor-tab-title-7932\" class=\"elementor-tab-title\" data-tab=\"2\" role=\"button\" aria-controls=\"elementor-tab-content-7932\" aria-expanded=\"false\">\n\t\t\t\t\t\t\t\t\t\t\t\t<span class=\"elementor-toggle-icon elementor-toggle-icon-left\" aria-hidden=\"true\">\n\t\t\t\t\t\t\t\t\t\t\t\t\t\t\t<span class=\"elementor-toggle-icon-closed\"><i class=\"fas fa-caret-right\"><\/i><\/span>\n\t\t\t\t\t\t\t\t<span class=\"elementor-toggle-icon-opened\"><i class=\"elementor-toggle-icon-opened fas fa-caret-up\"><\/i><\/span>\n\t\t\t\t\t\t\t\t\t\t\t\t\t<\/span>\n\t\t\t\t\t\t\t\t\t\t\t\t<a class=\"elementor-toggle-title\" tabindex=\"0\">Osobn\u00ed \u017eelezni\u010dn\u00ed doprava byla nejstabiln\u011bji a nejrychleji rostouc\u00edm druhem pozemn\u00ed dopravy v \u010cesk\u00e9 republice.<\/a>\n\t\t\t\t\t<\/div>\n\n\t\t\t\t\t<div id=\"elementor-tab-content-7932\" class=\"elementor-tab-content elementor-clearfix\" data-tab=\"2\" role=\"region\" aria-labelledby=\"elementor-tab-title-7932\"><div><span lang=\"CS\">Za 9 let p\u0159ed covidovou pandemi\u00ed zaznamenaly p\u0159epravn\u00ed v\u00fdkony v osobn\u00ed \u017eelezni\u010dn\u00ed doprav\u011b n\u00e1r\u016fst o 66%. Vlivem covidov\u00e9 pandemie klesl po\u010det cestuj\u00edc\u00edch v \u017eelezni\u010dn\u00ed doprav\u011b na \u00farove\u0148 roku 2010. V ostatn\u00edch druz\u00edch ve\u0159ejn\u00e9 dopravy byl pokles dvojn\u00e1sobn\u011b hlub\u0161\u00ed.<\/span><\/div><div><span lang=\"CS\">\u00a0<\/span><\/div><div><figure id=\"attachment_1086\" aria-describedby=\"caption-attachment-1086\" style=\"width: 5023px\" class=\"wp-caption alignnone\"><a href=\"http:\/\/svodbohemia.cz\/wp-content\/uploads\/2022\/03\/Narust-prepravnich-vykonu.png\"><img fetchpriority=\"high\" decoding=\"async\" class=\"wp-image-1086 size-full\" src=\"http:\/\/svodbohemia.cz\/wp-content\/uploads\/2022\/03\/Narust-prepravnich-vykonu.png\" alt=\"\" width=\"5023\" height=\"3432\" srcset=\"https:\/\/svodbohemia.cz\/wp-content\/uploads\/2022\/03\/Narust-prepravnich-vykonu.png 5023w, https:\/\/svodbohemia.cz\/wp-content\/uploads\/2022\/03\/Narust-prepravnich-vykonu-300x205.png 300w, https:\/\/svodbohemia.cz\/wp-content\/uploads\/2022\/03\/Narust-prepravnich-vykonu-1024x700.png 1024w, https:\/\/svodbohemia.cz\/wp-content\/uploads\/2022\/03\/Narust-prepravnich-vykonu-768x525.png 768w, https:\/\/svodbohemia.cz\/wp-content\/uploads\/2022\/03\/Narust-prepravnich-vykonu-1536x1049.png 1536w, https:\/\/svodbohemia.cz\/wp-content\/uploads\/2022\/03\/Narust-prepravnich-vykonu-2048x1399.png 2048w\" sizes=\"(max-width: 5023px) 100vw, 5023px\" \/><\/a><figcaption id=\"caption-attachment-1086\" class=\"wp-caption-text\">N\u00e1r\u016fst p\u0159epravn\u00edch v\u00fdkon\u016f v osobn\u00ed \u017eelezni\u010dn\u00ed doprav\u011b<\/figcaption><\/figure><\/div><\/div>\n\t\t\t\t<\/div>\n\t\t\t\t\t\t\t<div class=\"elementor-toggle-item\">\n\t\t\t\t\t<div id=\"elementor-tab-title-7933\" class=\"elementor-tab-title\" data-tab=\"3\" role=\"button\" aria-controls=\"elementor-tab-content-7933\" aria-expanded=\"false\">\n\t\t\t\t\t\t\t\t\t\t\t\t<span class=\"elementor-toggle-icon elementor-toggle-icon-left\" aria-hidden=\"true\">\n\t\t\t\t\t\t\t\t\t\t\t\t\t\t\t<span class=\"elementor-toggle-icon-closed\"><i class=\"fas fa-caret-right\"><\/i><\/span>\n\t\t\t\t\t\t\t\t<span class=\"elementor-toggle-icon-opened\"><i class=\"elementor-toggle-icon-opened fas fa-caret-up\"><\/i><\/span>\n\t\t\t\t\t\t\t\t\t\t\t\t\t<\/span>\n\t\t\t\t\t\t\t\t\t\t\t\t<a class=\"elementor-toggle-title\" tabindex=\"0\">V\u00edt\u011bzem sout\u011b\u017ee o z\u00e1jem cestuj\u00edc\u00edch je mezin\u00e1rodn\u00ed doprava. Ostatn\u00ed druhy rostly o n\u011bco pomaleji, ale stabiln\u011b.<\/a>\n\t\t\t\t\t<\/div>\n\n\t\t\t\t\t<div id=\"elementor-tab-content-7933\" class=\"elementor-tab-content elementor-clearfix\" data-tab=\"3\" role=\"region\" aria-labelledby=\"elementor-tab-title-7933\"><p>Za 9 let p\u0159ed covidovou pandemi\u00ed vzrostla\u00a0mezist\u00e1tn\u00ed osobn\u00ed p\u0159eprava na p\u011btin\u00e1sobek. Tak\u00e9 ostatn\u00ed druhy osobn\u00ed \u017eelezni\u010dn\u00ed dopravy se vyv\u00edjely r\u016fstov\u011b. Obsluha metropolitn\u00edch center vzrostla o 75% a mezikrajsk\u00e1 p\u0159eprava o 42%.<\/p><p>\u00a0<\/p><figure id=\"attachment_1100\" aria-describedby=\"caption-attachment-1100\" style=\"width: 3616px\" class=\"wp-caption alignnone\"><a href=\"http:\/\/svodbohemia.cz\/wp-content\/uploads\/2022\/03\/Narust-v-jednotlivych-druzich.png\"><img decoding=\"async\" class=\"wp-image-1100 size-full\" src=\"http:\/\/svodbohemia.cz\/wp-content\/uploads\/2022\/03\/Narust-v-jednotlivych-druzich.png\" alt=\"\" width=\"3616\" height=\"2108\" srcset=\"https:\/\/svodbohemia.cz\/wp-content\/uploads\/2022\/03\/Narust-v-jednotlivych-druzich.png 3616w, https:\/\/svodbohemia.cz\/wp-content\/uploads\/2022\/03\/Narust-v-jednotlivych-druzich-300x175.png 300w, https:\/\/svodbohemia.cz\/wp-content\/uploads\/2022\/03\/Narust-v-jednotlivych-druzich-1024x597.png 1024w, https:\/\/svodbohemia.cz\/wp-content\/uploads\/2022\/03\/Narust-v-jednotlivych-druzich-768x448.png 768w, https:\/\/svodbohemia.cz\/wp-content\/uploads\/2022\/03\/Narust-v-jednotlivych-druzich-1536x895.png 1536w, https:\/\/svodbohemia.cz\/wp-content\/uploads\/2022\/03\/Narust-v-jednotlivych-druzich-2048x1194.png 2048w\" sizes=\"(max-width: 3616px) 100vw, 3616px\" \/><\/a><figcaption id=\"caption-attachment-1100\" class=\"wp-caption-text\">N\u00e1r\u016fst v jednotliv\u00fdch druz\u00edch \u017eelezni\u010dn\u00ed osobn\u00ed dopravy<\/figcaption><\/figure><\/div>\n\t\t\t\t<\/div>\n\t\t\t\t\t\t\t<div class=\"elementor-toggle-item\">\n\t\t\t\t\t<div id=\"elementor-tab-title-7934\" class=\"elementor-tab-title\" data-tab=\"4\" role=\"button\" aria-controls=\"elementor-tab-content-7934\" aria-expanded=\"false\">\n\t\t\t\t\t\t\t\t\t\t\t\t<span class=\"elementor-toggle-icon elementor-toggle-icon-left\" aria-hidden=\"true\">\n\t\t\t\t\t\t\t\t\t\t\t\t\t\t\t<span class=\"elementor-toggle-icon-closed\"><i class=\"fas fa-caret-right\"><\/i><\/span>\n\t\t\t\t\t\t\t\t<span class=\"elementor-toggle-icon-opened\"><i class=\"elementor-toggle-icon-opened fas fa-caret-up\"><\/i><\/span>\n\t\t\t\t\t\t\t\t\t\t\t\t\t<\/span>\n\t\t\t\t\t\t\t\t\t\t\t\t<a class=\"elementor-toggle-title\" tabindex=\"0\">\u017deleznice m\u00e1 pro v\u011bt\u0161inu kraj\u016f nejv\u011bt\u0161\u00ed v\u00fdznam ve spojen\u00ed s hlavn\u00edm m\u011bstem.<\/a>\n\t\t\t\t\t<\/div>\n\n\t\t\t\t\t<div id=\"elementor-tab-content-7934\" class=\"elementor-tab-content elementor-clearfix\" data-tab=\"4\" role=\"region\" aria-labelledby=\"elementor-tab-title-7934\"><div><span lang=\"CS\">Nejv\u011bt\u0161\u00ed pod\u00edl p\u0159epravy mezi Prahou a kraji se odehr\u00e1v\u00e1 na modernizovan\u00fdch hlavn\u00edch elektrifikovan\u00fdch trat\u00edch, na kter\u00fdch doch\u00e1z\u00ed k stabiln\u00edmu meziro\u010dn\u00edmu n\u00e1r\u016fstu p\u0159epravn\u00edch v\u00fdkon\u016f. Modernizovan\u00e9 trat\u011b umo\u017e\u0148uj\u00ed efektivn\u00ed nasazen\u00ed nov\u00fdch vozidel, zaveden\u00ed taktov\u00e9ho j\u00edzdn\u00edho \u0159\u00e1du, a t\u00edm zv\u00fd\u0161en\u00fd z\u00e1jem cestuj\u00edc\u00edch.<\/span><\/div><div>\u00a0<\/div><div><figure id=\"attachment_1120\" aria-describedby=\"caption-attachment-1120\" style=\"width: 3446px\" class=\"wp-caption alignnone\"><a href=\"http:\/\/svodbohemia.cz\/wp-content\/uploads\/2022\/03\/Mezikrajska-preprava.png\"><img decoding=\"async\" class=\"wp-image-1120 size-full\" src=\"http:\/\/svodbohemia.cz\/wp-content\/uploads\/2022\/03\/Mezikrajska-preprava.png\" alt=\"\" width=\"3446\" height=\"2158\" srcset=\"https:\/\/svodbohemia.cz\/wp-content\/uploads\/2022\/03\/Mezikrajska-preprava.png 3446w, https:\/\/svodbohemia.cz\/wp-content\/uploads\/2022\/03\/Mezikrajska-preprava-300x188.png 300w, https:\/\/svodbohemia.cz\/wp-content\/uploads\/2022\/03\/Mezikrajska-preprava-1024x641.png 1024w, https:\/\/svodbohemia.cz\/wp-content\/uploads\/2022\/03\/Mezikrajska-preprava-768x481.png 768w, https:\/\/svodbohemia.cz\/wp-content\/uploads\/2022\/03\/Mezikrajska-preprava-1536x962.png 1536w, https:\/\/svodbohemia.cz\/wp-content\/uploads\/2022\/03\/Mezikrajska-preprava-2048x1283.png 2048w\" sizes=\"(max-width: 3446px) 100vw, 3446px\" \/><\/a><figcaption id=\"caption-attachment-1120\" class=\"wp-caption-text\">P\u0159eprava cestuj\u00edc\u00edch mezi jednotliv\u00fdmi kraji a Prahou<\/figcaption><\/figure><\/div><\/div>\n\t\t\t\t<\/div>\n\t\t\t\t\t\t\t<div class=\"elementor-toggle-item\">\n\t\t\t\t\t<div id=\"elementor-tab-title-7935\" class=\"elementor-tab-title\" data-tab=\"5\" role=\"button\" aria-controls=\"elementor-tab-content-7935\" aria-expanded=\"false\">\n\t\t\t\t\t\t\t\t\t\t\t\t<span class=\"elementor-toggle-icon elementor-toggle-icon-left\" aria-hidden=\"true\">\n\t\t\t\t\t\t\t\t\t\t\t\t\t\t\t<span class=\"elementor-toggle-icon-closed\"><i class=\"fas fa-caret-right\"><\/i><\/span>\n\t\t\t\t\t\t\t\t<span class=\"elementor-toggle-icon-opened\"><i class=\"elementor-toggle-icon-opened fas fa-caret-up\"><\/i><\/span>\n\t\t\t\t\t\t\t\t\t\t\t\t\t<\/span>\n\t\t\t\t\t\t\t\t\t\t\t\t<a class=\"elementor-toggle-title\" tabindex=\"0\">V region\u00e1ln\u00ed \u017eelezni\u010dn\u00ed doprav\u011b jsou nejvyt\u00ed\u017een\u011bj\u0161\u00ed spoje vedeny po hlavn\u00edch elektrifikovan\u00fdch trat\u00edch, pokud \u00fazem\u00edm kraje proch\u00e1zej\u00ed.<\/a>\n\t\t\t\t\t<\/div>\n\n\t\t\t\t\t<div id=\"elementor-tab-content-7935\" class=\"elementor-tab-content elementor-clearfix\" data-tab=\"5\" role=\"region\" aria-labelledby=\"elementor-tab-title-7935\"><div><span lang=\"CS\">Zat\u00edmco d\u00e1lkov\u00e1 doprava je objedn\u00e1v\u00e1na st\u00e1tem, kraje si region\u00e1ln\u00ed \u017eelezni\u010dn\u00ed dopravu objedn\u00e1vaj\u00ed samy. St\u00e1t na region\u00e1ln\u00ed dopravu p\u0159isp\u00edv\u00e1 p\u0159ibli\u017en\u011b 30%, ale vyu\u017eit\u00ed t\u011bchto finan\u010dn\u00edch prost\u0159edk\u016f v\u011bcn\u011b nereguluje.<\/span><\/div><div>\u00a0<\/div><div><figure id=\"attachment_1131\" aria-describedby=\"caption-attachment-1131\" style=\"width: 3391px\" class=\"wp-caption alignnone\"><a href=\"http:\/\/svodbohemia.cz\/wp-content\/uploads\/2022\/03\/Regionalni-doprava.png\"><img loading=\"lazy\" decoding=\"async\" class=\"wp-image-1131 size-full\" src=\"http:\/\/svodbohemia.cz\/wp-content\/uploads\/2022\/03\/Regionalni-doprava.png\" alt=\"\" width=\"3391\" height=\"2154\" srcset=\"https:\/\/svodbohemia.cz\/wp-content\/uploads\/2022\/03\/Regionalni-doprava.png 3391w, https:\/\/svodbohemia.cz\/wp-content\/uploads\/2022\/03\/Regionalni-doprava-300x191.png 300w, https:\/\/svodbohemia.cz\/wp-content\/uploads\/2022\/03\/Regionalni-doprava-1024x650.png 1024w, https:\/\/svodbohemia.cz\/wp-content\/uploads\/2022\/03\/Regionalni-doprava-768x488.png 768w, https:\/\/svodbohemia.cz\/wp-content\/uploads\/2022\/03\/Regionalni-doprava-1536x976.png 1536w, https:\/\/svodbohemia.cz\/wp-content\/uploads\/2022\/03\/Regionalni-doprava-2048x1301.png 2048w\" sizes=\"(max-width: 3391px) 100vw, 3391px\" \/><\/a><figcaption id=\"caption-attachment-1131\" class=\"wp-caption-text\">P\u0159eprava cestuj\u00edc\u00edch v jednotliv\u00fdch regionech<\/figcaption><\/figure><\/div><\/div>\n\t\t\t\t<\/div>\n\t\t\t\t\t\t\t<div class=\"elementor-toggle-item\">\n\t\t\t\t\t<div id=\"elementor-tab-title-7936\" class=\"elementor-tab-title\" data-tab=\"6\" role=\"button\" aria-controls=\"elementor-tab-content-7936\" aria-expanded=\"false\">\n\t\t\t\t\t\t\t\t\t\t\t\t<span class=\"elementor-toggle-icon elementor-toggle-icon-left\" aria-hidden=\"true\">\n\t\t\t\t\t\t\t\t\t\t\t\t\t\t\t<span class=\"elementor-toggle-icon-closed\"><i class=\"fas fa-caret-right\"><\/i><\/span>\n\t\t\t\t\t\t\t\t<span class=\"elementor-toggle-icon-opened\"><i class=\"elementor-toggle-icon-opened fas fa-caret-up\"><\/i><\/span>\n\t\t\t\t\t\t\t\t\t\t\t\t\t<\/span>\n\t\t\t\t\t\t\t\t\t\t\t\t<a class=\"elementor-toggle-title\" tabindex=\"0\">Kl\u00ed\u010dem k rozvoji \u017eelezni\u010dn\u00ed osobn\u00ed dopravy je elektrifikace.<\/a>\n\t\t\t\t\t<\/div>\n\n\t\t\t\t\t<div id=\"elementor-tab-content-7936\" class=\"elementor-tab-content elementor-clearfix\" data-tab=\"6\" role=\"region\" aria-labelledby=\"elementor-tab-title-7936\"><p>Elektrifikovan\u00e9 trat\u011b p\u0159edstavuj\u00ed pouze 34% celkov\u00e9 d\u00e9lky \u017eelezni\u010dn\u00ed s\u00edt\u011b, ale je po nich realizov\u00e1no 91,2% dopravn\u00edch v\u00fdkon\u016f osobn\u00ed i n\u00e1kladn\u00ed \u017eelezni\u010dn\u00ed dopravy.<\/p><p>\u00a0<\/p><figure id=\"attachment_1142\" aria-describedby=\"caption-attachment-1142\" style=\"width: 902px\" class=\"wp-caption alignnone\"><a href=\"http:\/\/svodbohemia.cz\/wp-content\/uploads\/2022\/03\/Elektricke-vykony.png\"><img loading=\"lazy\" decoding=\"async\" class=\"wp-image-1142 size-full\" src=\"http:\/\/svodbohemia.cz\/wp-content\/uploads\/2022\/03\/Elektricke-vykony.png\" alt=\"\" width=\"902\" height=\"550\" srcset=\"https:\/\/svodbohemia.cz\/wp-content\/uploads\/2022\/03\/Elektricke-vykony.png 902w, https:\/\/svodbohemia.cz\/wp-content\/uploads\/2022\/03\/Elektricke-vykony-300x183.png 300w, https:\/\/svodbohemia.cz\/wp-content\/uploads\/2022\/03\/Elektricke-vykony-768x468.png 768w\" sizes=\"(max-width: 902px) 100vw, 902px\" \/><\/a><figcaption id=\"caption-attachment-1142\" class=\"wp-caption-text\">Dopravn\u00ed v\u00fdkony po jednotliv\u00fdch trakc\u00edch<\/figcaption><\/figure><p>\u00a0<\/p><\/div>\n\t\t\t\t<\/div>\n\t\t\t\t\t\t\t<div class=\"elementor-toggle-item\">\n\t\t\t\t\t<div id=\"elementor-tab-title-7937\" class=\"elementor-tab-title\" data-tab=\"7\" role=\"button\" aria-controls=\"elementor-tab-content-7937\" aria-expanded=\"false\">\n\t\t\t\t\t\t\t\t\t\t\t\t<span class=\"elementor-toggle-icon elementor-toggle-icon-left\" aria-hidden=\"true\">\n\t\t\t\t\t\t\t\t\t\t\t\t\t\t\t<span class=\"elementor-toggle-icon-closed\"><i class=\"fas fa-caret-right\"><\/i><\/span>\n\t\t\t\t\t\t\t\t<span class=\"elementor-toggle-icon-opened\"><i class=\"elementor-toggle-icon-opened fas fa-caret-up\"><\/i><\/span>\n\t\t\t\t\t\t\t\t\t\t\t\t\t<\/span>\n\t\t\t\t\t\t\t\t\t\t\t\t<a class=\"elementor-toggle-title\" tabindex=\"0\">Popt\u00e1vku po p\u0159eprav\u011b zvy\u0161uje zejm\u00e9na kvalita trat\u00ed.<\/a>\n\t\t\t\t\t<\/div>\n\n\t\t\t\t\t<div id=\"elementor-tab-content-7937\" class=\"elementor-tab-content elementor-clearfix\" data-tab=\"7\" role=\"region\" aria-labelledby=\"elementor-tab-title-7937\"><p>Trat\u011b s\u00edt\u011b TEN-T (typicky: 2 koleje, 160 km\/h, elektrizace, v\u00fdstavba ETCS) p\u0159edstavuj\u00ed 27 % d\u00e9lky, ale 83 % v\u00fdkon\u016f, region\u00e1ln\u00ed trat\u011b (typicky: 1 kolej, 60 km\/h, bez elektrizace) p\u0159edstavuj\u00ed 41 % d\u00e9lky a 4 % v\u00fdkon\u016f osobn\u00ed i n\u00e1kladn\u00ed \u017eelezni\u010dn\u00ed dopravy.<a href=\"applewebdata:\/\/4F6A2C68-11D6-4C5B-895F-5906A10BF368#_ftnref1\" name=\"_ftn1\"><\/a><\/p><p>\u00a0<\/p><figure id=\"attachment_1150\" aria-describedby=\"caption-attachment-1150\" style=\"width: 3657px\" class=\"wp-caption alignnone\"><a href=\"http:\/\/svodbohemia.cz\/wp-content\/uploads\/2022\/03\/Kvalita-site-1.png\"><img loading=\"lazy\" decoding=\"async\" class=\"wp-image-1150 size-full\" src=\"http:\/\/svodbohemia.cz\/wp-content\/uploads\/2022\/03\/Kvalita-site-1.png\" alt=\"\" width=\"3657\" height=\"2108\" srcset=\"https:\/\/svodbohemia.cz\/wp-content\/uploads\/2022\/03\/Kvalita-site-1.png 3657w, https:\/\/svodbohemia.cz\/wp-content\/uploads\/2022\/03\/Kvalita-site-1-300x173.png 300w, https:\/\/svodbohemia.cz\/wp-content\/uploads\/2022\/03\/Kvalita-site-1-1024x590.png 1024w, https:\/\/svodbohemia.cz\/wp-content\/uploads\/2022\/03\/Kvalita-site-1-768x443.png 768w, https:\/\/svodbohemia.cz\/wp-content\/uploads\/2022\/03\/Kvalita-site-1-1536x885.png 1536w, https:\/\/svodbohemia.cz\/wp-content\/uploads\/2022\/03\/Kvalita-site-1-2048x1181.png 2048w\" sizes=\"(max-width: 3657px) 100vw, 3657px\" \/><\/a><figcaption id=\"caption-attachment-1150\" class=\"wp-caption-text\">Kvalita s\u00edt\u011b zvy\u0161uje popt\u00e1vku<\/figcaption><\/figure><\/div>\n\t\t\t\t<\/div>\n\t\t\t\t\t\t\t<div class=\"elementor-toggle-item\">\n\t\t\t\t\t<div id=\"elementor-tab-title-7938\" class=\"elementor-tab-title\" data-tab=\"8\" role=\"button\" aria-controls=\"elementor-tab-content-7938\" aria-expanded=\"false\">\n\t\t\t\t\t\t\t\t\t\t\t\t<span class=\"elementor-toggle-icon elementor-toggle-icon-left\" aria-hidden=\"true\">\n\t\t\t\t\t\t\t\t\t\t\t\t\t\t\t<span class=\"elementor-toggle-icon-closed\"><i class=\"fas fa-caret-right\"><\/i><\/span>\n\t\t\t\t\t\t\t\t<span class=\"elementor-toggle-icon-opened\"><i class=\"elementor-toggle-icon-opened fas fa-caret-up\"><\/i><\/span>\n\t\t\t\t\t\t\t\t\t\t\t\t\t<\/span>\n\t\t\t\t\t\t\t\t\t\t\t\t<a class=\"elementor-toggle-title\" tabindex=\"0\">Doba se m\u011bn\u00ed a s n\u00ed dopravn\u00ed pot\u0159eby.<\/a>\n\t\t\t\t\t<\/div>\n\n\t\t\t\t\t<div id=\"elementor-tab-content-7938\" class=\"elementor-tab-content elementor-clearfix\" data-tab=\"8\" role=\"region\" aria-labelledby=\"elementor-tab-title-7938\"><p>Hlavn\u00edm c\u00edlem ve\u0159ejn\u00e9 dopravy ji\u017e nen\u00ed co nejlevn\u011bji odv\u00e9zt nejchud\u0161\u00ed soci\u00e1ln\u00ed vrstvy ob\u010dan\u016f, ale st\u00e1v\u00e1 se n\u00e1strojem k napln\u011bn\u00ed dvou z\u00e1kladn\u00edch politick\u00fdch c\u00edl\u016f \u010cR:<\/p><ul><li>zapojen\u00ed cel\u00e9 plochy \u00fazem\u00ed \u010cR do syst\u00e9mu tvorby a spot\u0159eby hodnot n\u00e1hradou p\u0159ekonan\u00e9 monocentrick\u00e9 struktury (bohat\u00e9 centrum, chud\u00e9 odlehl\u00e9 kraje) zdravou polycentrickou strukturou, kter\u00e1 se rovnom\u011brn\u011bji pod\u00edl\u00ed na tvorb\u011b i spot\u0159eb\u011b hodnot,<\/li><li>sn\u00ed\u017een\u00ed energetick\u00e9 a emisn\u00ed n\u00e1ro\u010dnosti dopravy osob v \u010cR vysokou kvalitou a v\u00fdkonnost\u00ed, kter\u00e1 by motivovala obyvatelstvo k jej\u00edmu up\u0159ednostn\u011bn\u00ed p\u0159ed energeticky a emisn\u011b velmi n\u00e1ro\u010dnou individu\u00e1ln\u00ed automobilovou dopravou.<\/li><\/ul><p>Vyt\u00ed\u017een\u00ed \u017eelezni\u010dn\u00ed dopravy se vy\u0161\u0161\u00edm pod\u00edlem <em>home<\/em> a <em>train<\/em> <em>office<\/em> m\u011bn\u00ed jak v \u010dase, tak v doj\u00ed\u017e\u010fkov\u00e9 vzd\u00e1lenosti.<\/p><p>\u00a0<\/p><figure id=\"attachment_1186\" aria-describedby=\"caption-attachment-1186\" style=\"width: 3689px\" class=\"wp-caption alignnone\"><a href=\"http:\/\/svodbohemia.cz\/wp-content\/uploads\/2022\/03\/spicky-3.png\"><img loading=\"lazy\" decoding=\"async\" class=\"wp-image-1186 size-full\" src=\"http:\/\/svodbohemia.cz\/wp-content\/uploads\/2022\/03\/spicky-3.png\" alt=\"\" width=\"3689\" height=\"2378\" srcset=\"https:\/\/svodbohemia.cz\/wp-content\/uploads\/2022\/03\/spicky-3.png 3689w, https:\/\/svodbohemia.cz\/wp-content\/uploads\/2022\/03\/spicky-3-300x193.png 300w, https:\/\/svodbohemia.cz\/wp-content\/uploads\/2022\/03\/spicky-3-1024x660.png 1024w, https:\/\/svodbohemia.cz\/wp-content\/uploads\/2022\/03\/spicky-3-768x495.png 768w, https:\/\/svodbohemia.cz\/wp-content\/uploads\/2022\/03\/spicky-3-1536x990.png 1536w, https:\/\/svodbohemia.cz\/wp-content\/uploads\/2022\/03\/spicky-3-2048x1320.png 2048w\" sizes=\"(max-width: 3689px) 100vw, 3689px\" \/><\/a><figcaption id=\"caption-attachment-1186\" class=\"wp-caption-text\">Zm\u011bna struktury popt\u00e1vky v \u010dase a se vzd\u00e1lenost\u00ed<\/figcaption><\/figure><\/div>\n\t\t\t\t<\/div>\n\t\t\t\t\t\t\t<div class=\"elementor-toggle-item\">\n\t\t\t\t\t<div id=\"elementor-tab-title-7939\" class=\"elementor-tab-title\" data-tab=\"9\" role=\"button\" aria-controls=\"elementor-tab-content-7939\" aria-expanded=\"false\">\n\t\t\t\t\t\t\t\t\t\t\t\t<span class=\"elementor-toggle-icon elementor-toggle-icon-left\" aria-hidden=\"true\">\n\t\t\t\t\t\t\t\t\t\t\t\t\t\t\t<span class=\"elementor-toggle-icon-closed\"><i class=\"fas fa-caret-right\"><\/i><\/span>\n\t\t\t\t\t\t\t\t<span class=\"elementor-toggle-icon-opened\"><i class=\"elementor-toggle-icon-opened fas fa-caret-up\"><\/i><\/span>\n\t\t\t\t\t\t\t\t\t\t\t\t\t<\/span>\n\t\t\t\t\t\t\t\t\t\t\t\t<a class=\"elementor-toggle-title\" tabindex=\"0\">\u017delezni\u010dn\u00ed doprava m\u00e1 na rozd\u00edl od energetiky v dal\u0161\u00edm v\u00fdvoji jasno.<\/a>\n\t\t\t\t\t<\/div>\n\n\t\t\t\t\t<div id=\"elementor-tab-content-7939\" class=\"elementor-tab-content elementor-clearfix\" data-tab=\"9\" role=\"region\" aria-labelledby=\"elementor-tab-title-7939\"><p>Zat\u00edmco se energetika \u010cR ji\u017e des\u00edtky let zm\u00edt\u00e1 v h\u00e1dk\u00e1ch o z\u00e1kladn\u00ed principy (uhl\u00ed x j\u00e1dro x obnoviteln\u00e9 zdroje), v \u017eelezni\u010dn\u00ed doprav\u011b \u010cR do\u0161lo ke shod\u011b, a to jak vnit\u0159n\u011b, tak na \u00farovni sousedn\u00edch zem\u00ed a ve vztahu \u010cR k centr\u00e1le EU.<\/p><p>\u00a0<\/p><p>D\u016fkazem je skute\u010dnost, \u017ee <em>Via Vindobona<\/em> (trasa Berl\u00edn \u2013 \u00dast\u00ed nad Labem \u2013 Jihlava \u2013 Brno \u2013 V\u00edde\u0148) byla za\u0159azena do evropsk\u00e9 hlavn\u00ed s\u00edt\u011b vysokorychlostn\u00edch \u017eeleznic s prioritou v\u00fdstavby v horizontu roku 2030 a financov\u00e1n\u00edm z EU fond\u016f. Je to logick\u00fdm a pot\u011b\u0161iteln\u00fdm v\u00fdsledkem n\u00e1rodn\u00ed, sousedsk\u00e9 i evropsk\u00e9 jednoty, kter\u00e1 v dal\u0161\u00edch \u00favah\u00e1ch nesm\u00ed b\u00fdt\u00a0ignorov\u00e1na.<\/p><p>\u00a0<\/p><figure id=\"attachment_1200\" aria-describedby=\"caption-attachment-1200\" style=\"width: 2452px\" class=\"wp-caption alignnone\"><a href=\"http:\/\/svodbohemia.cz\/wp-content\/uploads\/2022\/03\/viavindobona-1.png\"><img loading=\"lazy\" decoding=\"async\" class=\"wp-image-1200 size-full\" src=\"http:\/\/svodbohemia.cz\/wp-content\/uploads\/2022\/03\/viavindobona-1.png\" alt=\"\" width=\"2452\" height=\"1498\" srcset=\"https:\/\/svodbohemia.cz\/wp-content\/uploads\/2022\/03\/viavindobona-1.png 2452w, https:\/\/svodbohemia.cz\/wp-content\/uploads\/2022\/03\/viavindobona-1-300x183.png 300w, https:\/\/svodbohemia.cz\/wp-content\/uploads\/2022\/03\/viavindobona-1-1024x626.png 1024w, https:\/\/svodbohemia.cz\/wp-content\/uploads\/2022\/03\/viavindobona-1-768x469.png 768w, https:\/\/svodbohemia.cz\/wp-content\/uploads\/2022\/03\/viavindobona-1-1536x938.png 1536w, https:\/\/svodbohemia.cz\/wp-content\/uploads\/2022\/03\/viavindobona-1-2048x1251.png 2048w\" sizes=\"(max-width: 2452px) 100vw, 2452px\" \/><\/a><figcaption id=\"caption-attachment-1200\" class=\"wp-caption-text\">Via Vindobona<\/figcaption><\/figure><\/div>\n\t\t\t\t<\/div>\n\t\t\t\t\t\t\t<div class=\"elementor-toggle-item\">\n\t\t\t\t\t<div id=\"elementor-tab-title-79310\" class=\"elementor-tab-title\" data-tab=\"10\" role=\"button\" aria-controls=\"elementor-tab-content-79310\" aria-expanded=\"false\">\n\t\t\t\t\t\t\t\t\t\t\t\t<span class=\"elementor-toggle-icon elementor-toggle-icon-left\" aria-hidden=\"true\">\n\t\t\t\t\t\t\t\t\t\t\t\t\t\t\t<span class=\"elementor-toggle-icon-closed\"><i class=\"fas fa-caret-right\"><\/i><\/span>\n\t\t\t\t\t\t\t\t<span class=\"elementor-toggle-icon-opened\"><i class=\"elementor-toggle-icon-opened fas fa-caret-up\"><\/i><\/span>\n\t\t\t\t\t\t\t\t\t\t\t\t\t<\/span>\n\t\t\t\t\t\t\t\t\t\t\t\t<a class=\"elementor-toggle-title\" tabindex=\"0\">Pandemie COVID-19 zneplatnila progn\u00f3zu v\u00fdvoje p\u0159epravn\u00edch v\u00fdkon\u016f.<\/a>\n\t\t\t\t\t<\/div>\n\n\t\t\t\t\t<div id=\"elementor-tab-content-79310\" class=\"elementor-tab-content elementor-clearfix\" data-tab=\"10\" role=\"region\" aria-labelledby=\"elementor-tab-title-79310\"><div><span lang=\"CS\"><a href=\"https:\/\/www.mdcr.cz\/Dokumenty\/Strategie\/Dopravni-politika-a-MFDI\/Dopravni-politika-CR-pro-obdobi-2014-2020-s-vyhled\">Dopravn\u00ed politika st\u00e1tu<\/a> v dob\u011b sv\u00e9ho schv\u00e1len\u00ed (listopad 2019) p\u0159edpokl\u00e1dala kontinuitu historick\u00e9ho v\u00fdvoje p\u0159epravn\u00edch v\u00fdkon\u016f (skute\u010dnost 2010 &#8211; 2018) podpo\u0159enou syst\u00e9mov\u00fdmi opat\u0159en\u00edmi na podporu \u017eelezni\u010dn\u00ed dopravy. Skute\u010dnost v letech 2019 a\u017e 2021 a odklad v\u011bt\u0161iny navrhovan\u00fdch opat\u0159en\u00ed se projevila v\u00fdrazn\u00fdm poklesem a oto\u010den\u00edm do roku 2019 relativn\u011b p\u0159\u00edzniv\u00e9ho trendu.<\/span><\/div><div><a href=\"http:\/\/svodbohemia.cz\/wp-content\/uploads\/2022\/04\/Porovnani-scenaru-1.png\"><img loading=\"lazy\" decoding=\"async\" class=\"alignnone wp-image-1236 size-full\" src=\"http:\/\/svodbohemia.cz\/wp-content\/uploads\/2022\/04\/Porovnani-scenaru-1.png\" alt=\"\" width=\"5399\" height=\"2690\" srcset=\"https:\/\/svodbohemia.cz\/wp-content\/uploads\/2022\/04\/Porovnani-scenaru-1.png 5399w, https:\/\/svodbohemia.cz\/wp-content\/uploads\/2022\/04\/Porovnani-scenaru-1-300x149.png 300w, https:\/\/svodbohemia.cz\/wp-content\/uploads\/2022\/04\/Porovnani-scenaru-1-1024x510.png 1024w, https:\/\/svodbohemia.cz\/wp-content\/uploads\/2022\/04\/Porovnani-scenaru-1-768x383.png 768w, https:\/\/svodbohemia.cz\/wp-content\/uploads\/2022\/04\/Porovnani-scenaru-1-1536x765.png 1536w, https:\/\/svodbohemia.cz\/wp-content\/uploads\/2022\/04\/Porovnani-scenaru-1-2048x1020.png 2048w\" sizes=\"(max-width: 5399px) 100vw, 5399px\" \/><\/a><\/div><div>\u00a0<\/div><\/div>\n\t\t\t\t<\/div>\n\t\t\t\t\t\t\t<div class=\"elementor-toggle-item\">\n\t\t\t\t\t<div id=\"elementor-tab-title-79311\" class=\"elementor-tab-title\" data-tab=\"11\" role=\"button\" aria-controls=\"elementor-tab-content-79311\" aria-expanded=\"false\">\n\t\t\t\t\t\t\t\t\t\t\t\t<span class=\"elementor-toggle-icon elementor-toggle-icon-left\" aria-hidden=\"true\">\n\t\t\t\t\t\t\t\t\t\t\t\t\t\t\t<span class=\"elementor-toggle-icon-closed\"><i class=\"fas fa-caret-right\"><\/i><\/span>\n\t\t\t\t\t\t\t\t<span class=\"elementor-toggle-icon-opened\"><i class=\"elementor-toggle-icon-opened fas fa-caret-up\"><\/i><\/span>\n\t\t\t\t\t\t\t\t\t\t\t\t\t<\/span>\n\t\t\t\t\t\t\t\t\t\t\t\t<a class=\"elementor-toggle-title\" tabindex=\"0\">Celkov\u00e1 mobilita obyvatelstva klesla p\u0159ibli\u017en\u011b o t\u0159etinu.<\/a>\n\t\t\t\t\t<\/div>\n\n\t\t\t\t\t<div id=\"elementor-tab-content-79311\" class=\"elementor-tab-content elementor-clearfix\" data-tab=\"11\" role=\"region\" aria-labelledby=\"elementor-tab-title-79311\"><div><span lang=\"CS\">P\u0159eprava cestuj\u00edc\u00edch v\u0161emi dopravn\u00edmi prost\u0159edky poklesla zejm\u00e9na vlivem lockdownu a podporou v\u011bt\u0161\u00edho pod\u00edlu pr\u00e1ce z domova. Tento vliv se projevil zejm\u00e9na u st\u0159edn\u00edch a vy\u0161\u0161\u00edch vrstev obyvatelstva. P\u0159eprava \u017e\u00e1k\u016f a student\u016f byla ovlivn\u011bna zaveden\u00edm distan\u010dn\u00ed v\u00fduky.<\/span><\/div><div><a href=\"http:\/\/svodbohemia.cz\/wp-content\/uploads\/2022\/04\/Celkova-preprava-2021.png\"><img loading=\"lazy\" decoding=\"async\" class=\"alignnone wp-image-1232 size-full\" src=\"http:\/\/svodbohemia.cz\/wp-content\/uploads\/2022\/04\/Celkova-preprava-2021.png\" alt=\"\" width=\"5179\" height=\"2681\" srcset=\"https:\/\/svodbohemia.cz\/wp-content\/uploads\/2022\/04\/Celkova-preprava-2021.png 5179w, https:\/\/svodbohemia.cz\/wp-content\/uploads\/2022\/04\/Celkova-preprava-2021-300x155.png 300w, https:\/\/svodbohemia.cz\/wp-content\/uploads\/2022\/04\/Celkova-preprava-2021-1024x530.png 1024w, https:\/\/svodbohemia.cz\/wp-content\/uploads\/2022\/04\/Celkova-preprava-2021-768x398.png 768w, https:\/\/svodbohemia.cz\/wp-content\/uploads\/2022\/04\/Celkova-preprava-2021-1536x795.png 1536w, https:\/\/svodbohemia.cz\/wp-content\/uploads\/2022\/04\/Celkova-preprava-2021-2048x1060.png 2048w\" sizes=\"(max-width: 5179px) 100vw, 5179px\" \/><\/a><\/div><\/div>\n\t\t\t\t<\/div>\n\t\t\t\t\t\t\t<div class=\"elementor-toggle-item\">\n\t\t\t\t\t<div id=\"elementor-tab-title-79312\" class=\"elementor-tab-title\" data-tab=\"12\" role=\"button\" aria-controls=\"elementor-tab-content-79312\" aria-expanded=\"false\">\n\t\t\t\t\t\t\t\t\t\t\t\t<span class=\"elementor-toggle-icon elementor-toggle-icon-left\" aria-hidden=\"true\">\n\t\t\t\t\t\t\t\t\t\t\t\t\t\t\t<span class=\"elementor-toggle-icon-closed\"><i class=\"fas fa-caret-right\"><\/i><\/span>\n\t\t\t\t\t\t\t\t<span class=\"elementor-toggle-icon-opened\"><i class=\"elementor-toggle-icon-opened fas fa-caret-up\"><\/i><\/span>\n\t\t\t\t\t\t\t\t\t\t\t\t\t<\/span>\n\t\t\t\t\t\t\t\t\t\t\t\t<a class=\"elementor-toggle-title\" tabindex=\"0\">Relativn\u00ed pod\u00edl p\u0159epravy osobn\u00edmi automobily roste.<\/a>\n\t\t\t\t\t<\/div>\n\n\t\t\t\t\t<div id=\"elementor-tab-content-79312\" class=\"elementor-tab-content elementor-clearfix\" data-tab=\"12\" role=\"region\" aria-labelledby=\"elementor-tab-title-79312\"><div><span lang=\"CS\">Vy\u0161\u0161\u00ed nemocnost a celkov\u00e1 ni\u017e\u0161\u00ed p\u0159epravn\u00ed popt\u00e1vka zp\u016fsobila ru\u0161en\u00ed spoj\u016f. Vysok\u00fd pod\u00edl v\u00fdlukov\u00e9 \u010dinnosti se projevil na vy\u0161\u0161\u00edm pod\u00edlu nepravidelnost\u00ed ve ve\u0159ejn\u00e9 doprav\u011b. Ve ve\u0159ejn\u00e9 doprav\u011b plat\u00ed p\u0159\u00edsn\u011bj\u0161\u00ed hygienick\u00e1 opat\u0159en\u00ed ne\u017e v ostatn\u00edch odv\u011btv\u00edch. V souhrnu v\u0161echny tyto vlivy zp\u016fsobily odklon cestuj\u00edc\u00edch od ve\u0159ejn\u00e9 dopravy zp\u011bt k doprav\u011b individu\u00e1ln\u00ed.<\/span><\/div><div><a href=\"http:\/\/svodbohemia.cz\/wp-content\/uploads\/2022\/04\/Delba-prace-2021.png\"><img loading=\"lazy\" decoding=\"async\" class=\"alignnone wp-image-1240 size-full\" src=\"http:\/\/svodbohemia.cz\/wp-content\/uploads\/2022\/04\/Delba-prace-2021.png\" alt=\"\" width=\"4858\" height=\"2273\" srcset=\"https:\/\/svodbohemia.cz\/wp-content\/uploads\/2022\/04\/Delba-prace-2021.png 4858w, https:\/\/svodbohemia.cz\/wp-content\/uploads\/2022\/04\/Delba-prace-2021-300x140.png 300w, https:\/\/svodbohemia.cz\/wp-content\/uploads\/2022\/04\/Delba-prace-2021-1024x479.png 1024w, https:\/\/svodbohemia.cz\/wp-content\/uploads\/2022\/04\/Delba-prace-2021-768x359.png 768w, https:\/\/svodbohemia.cz\/wp-content\/uploads\/2022\/04\/Delba-prace-2021-1536x719.png 1536w, https:\/\/svodbohemia.cz\/wp-content\/uploads\/2022\/04\/Delba-prace-2021-2048x958.png 2048w\" sizes=\"(max-width: 4858px) 100vw, 4858px\" \/><\/a><\/div><\/div>\n\t\t\t\t<\/div>\n\t\t\t\t\t\t\t\t<\/div>\n\t\t\t\t\t\t<\/div>\n\t\t\t\t<\/div>\n\t\t\t\t\t<\/div>\n\t\t<\/div>\n\t\t\t\t\t<\/div>\n\t\t<\/section>\n\t\t\t\t<\/div>\n\t\t","protected":false},"excerpt":{"rendered":"<p>\u010cesk\u00e1 \u017eelezni\u010dn\u00ed s\u00ed\u0165 nen\u00ed stejnom\u011brn\u011b vyu\u017e\u00edvan\u00e1 V\u011bt\u0161ina p\u0159epravn\u00edch v\u00fdkon\u016f se odehr\u00e1v\u00e1 na jedn\u00e9 p\u00e1te\u0159n\u00ed trati (Praha \u2013 Kol\u00edn \u2013 \u010cesk\u00e1 T\u0159ebov\u00e1 \u2013 Olomouc \u2013 P\u0159erov \u2013 Ostrava). Ta je v sou\u010dasn\u00e9 dob\u011b p\u0159et\u00ed\u017een\u00e1 a grafikon vlakov\u00e9 dopravy je nestabiln\u00ed. O to t\u011b\u017e\u0161\u00ed je zajistit kvalitu a spolehlivost. Nab\u00eddka interval\u016f vlakov\u00e9 dopravy je t\u00edm men\u0161\u00ed, \u010d\u00edm [&hellip;]<\/p>\n","protected":false},"author":1,"featured_media":0,"parent":0,"menu_order":0,"comment_status":"closed","ping_status":"closed","template":"","meta":{"footnotes":""},"class_list":["post-1078","page","type-page","status-publish","hentry"],"_links":{"self":[{"href":"https:\/\/svodbohemia.cz\/index.php\/wp-json\/wp\/v2\/pages\/1078","targetHints":{"allow":["GET"]}}],"collection":[{"href":"https:\/\/svodbohemia.cz\/index.php\/wp-json\/wp\/v2\/pages"}],"about":[{"href":"https:\/\/svodbohemia.cz\/index.php\/wp-json\/wp\/v2\/types\/page"}],"author":[{"embeddable":true,"href":"https:\/\/svodbohemia.cz\/index.php\/wp-json\/wp\/v2\/users\/1"}],"replies":[{"embeddable":true,"href":"https:\/\/svodbohemia.cz\/index.php\/wp-json\/wp\/v2\/comments?post=1078"}],"version-history":[{"count":145,"href":"https:\/\/svodbohemia.cz\/index.php\/wp-json\/wp\/v2\/pages\/1078\/revisions"}],"predecessor-version":[{"id":2355,"href":"https:\/\/svodbohemia.cz\/index.php\/wp-json\/wp\/v2\/pages\/1078\/revisions\/2355"}],"wp:attachment":[{"href":"https:\/\/svodbohemia.cz\/index.php\/wp-json\/wp\/v2\/media?parent=1078"}],"curies":[{"name":"wp","href":"https:\/\/api.w.org\/{rel}","templated":true}]}}