{"id":2578,"date":"2025-09-02T07:25:48","date_gmt":"2025-09-02T07:25:48","guid":{"rendered":"https:\/\/svodbohemia.cz\/?page_id=2578"},"modified":"2025-09-02T08:37:32","modified_gmt":"2025-09-02T08:37:32","slug":"pristupnost-vyrobku-a-sluzeb","status":"publish","type":"page","link":"https:\/\/svodbohemia.cz\/index.php\/pristupnost-vyrobku-a-sluzeb\/","title":{"rendered":"P\u0159\u00edstupnost v\u00fdrobk\u016f a slu\u017eeb"},"content":{"rendered":"\t\t<div data-elementor-type=\"wp-page\" data-elementor-id=\"2578\" class=\"elementor elementor-2578\" data-elementor-post-type=\"page\">\n\t\t\t\t\t\t<section class=\"elementor-section elementor-top-section elementor-element elementor-element-0d96aa7 elementor-section-boxed elementor-section-height-default elementor-section-height-default\" data-id=\"0d96aa7\" data-element_type=\"section\">\n\t\t\t\t\t\t<div class=\"elementor-container elementor-column-gap-default\">\n\t\t\t\t\t<div class=\"elementor-column elementor-col-100 elementor-top-column elementor-element elementor-element-9b76658\" data-id=\"9b76658\" data-element_type=\"column\">\n\t\t\t<div class=\"elementor-widget-wrap elementor-element-populated\">\n\t\t\t\t\t\t<div class=\"elementor-element elementor-element-6b2a974 elementor-widget elementor-widget-heading\" data-id=\"6b2a974\" data-element_type=\"widget\" data-widget_type=\"heading.default\">\n\t\t\t\t<div class=\"elementor-widget-container\">\n\t\t\t\t\t<h2 class=\"elementor-heading-title elementor-size-default\">P\u0159\u00edstupnost v\u00fdrobk\u016f a slu\u017eeb<\/h2>\t\t\t\t<\/div>\n\t\t\t\t<\/div>\n\t\t\t\t\t<\/div>\n\t\t<\/div>\n\t\t\t\t\t<\/div>\n\t\t<\/section>\n\t\t\t\t<section class=\"elementor-section elementor-top-section elementor-element elementor-element-e0996cc elementor-section-boxed elementor-section-height-default elementor-section-height-default\" data-id=\"e0996cc\" data-element_type=\"section\">\n\t\t\t\t\t\t<div class=\"elementor-container elementor-column-gap-default\">\n\t\t\t\t\t<div class=\"elementor-column elementor-col-100 elementor-top-column elementor-element elementor-element-ee07222\" data-id=\"ee07222\" data-element_type=\"column\">\n\t\t\t<div class=\"elementor-widget-wrap elementor-element-populated\">\n\t\t\t\t\t\t<div class=\"elementor-element elementor-element-f528857 elementor-widget elementor-widget-text-editor\" data-id=\"f528857\" data-element_type=\"widget\" data-widget_type=\"text-editor.default\">\n\t\t\t\t<div class=\"elementor-widget-container\">\n\t\t\t\t\t\t\t\t\t<p><span style=\"font-size: 16px;\">Sm\u011brnice evropsk\u00e9ho parlamentu a rady (EU) <\/span><a style=\"font-size: 16px;\" href=\"https:\/\/eur-lex.europa.eu\/legal-content\/CS\/ALL\/?uri=uriserv:OJ.L_.2019.151.01.0070.01.CES\">\u010d.\u00a02019\/882<\/a><span style=\"font-size: 16px;\"> ze dne 17. dubna 2019 o po\u017eadavc\u00edch na p\u0159\u00edstupnost u v\u00fdrobk\u016f a slu\u017eeb byla do \u010desk\u00e9ho pr\u00e1vn\u00edho \u0159\u00e1du transponov\u00e1na z\u00e1konem \u00a0<\/span><a style=\"font-size: 16px;\" href=\"https:\/\/www.zakonyprolidi.cz\/cs\/2023-424\">\u010d.\u00a0424\/2023<\/a><span style=\"font-size: 16px;\">\u00a0Sb., o po\u017eadavc\u00edch na p\u0159\u00edstupnost n\u011bkter\u00fdch v\u00fdrobk\u016f a slu\u017eeb, kter\u00fd nabyl \u00fa\u010dinnosti 28.\u00a0\u010dervna 2025.\u00a0<\/span><span style=\"font-size: 16px;\">\u00a0<\/span><\/p><p><span style=\"font-size: 16px;\">Z\u00e1kon obsahuje n\u011bkolik p\u0159echodn\u00fdch ustanoven\u00ed, kter\u00e1 hovo\u0159\u00ed o tom jak postupovat v p\u0159\u00edpad\u011b slu\u017eeb a v\u00fdrobk\u016f, kter\u00e9 byly poskytov\u00e1ny respektive uvedeny na trh do 28. \u010dervna. 2025.<\/span><\/p><p style=\"font-weight: 400;\">Konkr\u00e9tn\u011b poskytovatel slu\u017eby m\u016f\u017ee nejd\u00e9le do 28. \u010dervna 2030 poskytovat slu\u017eby s pou\u017eit\u00edm v\u00fdrobk\u016f, kter\u00e9 nespl\u0148uj\u00ed po\u017eadavky na p\u0159\u00edstupnost, pokud tyto v\u00fdrobky byly pou\u017e\u00edv\u00e1ny p\u0159ed 28. \u010dervnem 2025 nebo byly uvedeny na trh nejpozd\u011bji 28. \u010dervna 2025.\u00a0\u00a0<\/p><p style=\"font-weight: 400;\">Poskytovatel slu\u017eby m\u016f\u017ee na z\u00e1klad\u011b smlouvy uzav\u0159en\u00e9 p\u0159ede dnem 28. \u010dervna 2025 poskytovat v nezm\u011bn\u011bn\u00e9 podob\u011b slu\u017eby, kter\u00e9 nespl\u0148uj\u00ed po\u017eadavky na p\u0159\u00edstupnost, do z\u00e1niku z\u00e1vazku ze smlouvy, nejd\u00e9le v\u0161ak do 28. \u010dervna 2030.<\/p><p style=\"font-weight: 400;\">Speci\u00e1ln\u00ed \u00faprava plat\u00ed pro samoobslu\u017en\u00e9 termin\u00e1ly, kter\u00e9 mohou b\u00fdt v nep\u0159\u00edstupn\u00e9m proveden\u00ed pou\u017e\u00edv\u00e1ny nejv\u00fd\u0161e 20 let od jejich prvn\u00edho uveden\u00ed do provozu, nikoliv na trh, pokud k uveden\u00ed do provozu do\u0161lo nejpozd\u011bji do 27. \u010dervna 2025.<\/p><p style=\"font-weight: 400;\">Do p\u016fsobnosti z\u00e1kona spadaj\u00ed i slu\u017eby ve\u0159ejn\u00e9 dopravy. Dodr\u017eov\u00e1n\u00ed stanoven\u00fdch povinnost\u00ed kontroluj\u00ed org\u00e1ny dozoru, kter\u00fdmi jsou<\/p><ul><li>Dr\u00e1\u017en\u00ed \u00fa\u0159ad &#8211; pro slu\u017eby \u017eelezni\u010dn\u00ed p\u0159epravy cestuj\u00edc\u00edch,<\/li><li>m\u00edstn\u011b p\u0159\u00edslu\u0161n\u00fd krajsk\u00fd \u00fa\u0159ad &#8211; pro ve\u0159ejnou linkovou dopravu,<\/li><li>Magistr\u00e1t hlavn\u00edho m\u011bsta Prahy nebo obecn\u00ed \u00fa\u0159ad obce s roz\u0161\u00ed\u0159enou p\u016fsobnost\u00ed pro m\u011bstskou autobusovou dopravu a slu\u017eby na dr\u00e1ze speci\u00e1ln\u00ed, tramvajov\u00e9, trolejbusov\u00e9 nebo lanov\u00e9.<\/li><\/ul><p style=\"font-weight: 400;\">Do p\u016fsobnosti z\u00e1kona spadaj\u00ed zejm\u00e9na (kompletn\u00ed v\u00fd\u010det, viz \u00a7 2 z\u00e1kona)<\/p><ul><li>za\u0159\u00edzen\u00ed pro v\u00fddej p\u0159epravn\u00edch doklad\u016f,<\/li><li>odbavovac\u00ed kiosky,<\/li><li>termin\u00e1ly poskytuj\u00edc\u00ed informace,<\/li><li>slu\u017eby elektronick\u00fdch komunikac\u00ed,<\/li><li>internetov\u00e9 str\u00e1nky,<\/li><li>slu\u017eby poskytovan\u00e9 na mobiln\u00edch za\u0159\u00edzen\u00edch v\u010detn\u011b mobiln\u00edch aplikac\u00ed,<\/li><li>elektronick\u00e9 p\u0159epravn\u00ed doklady a slu\u017eby elektronick\u00e9ho syst\u00e9mu pro jejich v\u00fddej,<\/li><li>poskytov\u00e1n\u00ed informac\u00ed o dopravn\u00edch slu\u017eb\u00e1ch v\u010detn\u011b cestovn\u00edch informac\u00ed v re\u00e1ln\u00e9m \u010dase,<\/li><li>samoobslu\u017en\u00e9 termin\u00e1ly,<\/li><li>slu\u017eby m\u011bstsk\u00e9 a region\u00e1ln\u00ed dopravy, pokud jde o samoobslu\u017en\u00e9 termin\u00e1ly.<\/li><\/ul><p style=\"font-weight: 400;\">Z\u00e1kon se nevztahuje nap\u0159. na (kompletn\u00ed v\u00fd\u010det viz \u00a7 2 z\u00e1kona)<\/p><ul><li>on-line mapov\u00e9 slu\u017eby,<\/li><li>samoobslu\u017en\u00e9 termin\u00e1ly instalovan\u00e9 jako <u>zabudovan\u00e1<\/u> sou\u010d\u00e1st dopravn\u00edho prost\u0159edku.<\/li><\/ul><p style=\"font-weight: 400;\">Podm\u00ednky p\u0159\u00edstupnosti internetov\u00fdch str\u00e1nek a mobiln\u00edch aplikac\u00ed povinn\u00fdch subjekt\u016f dle tohoto z\u00e1kona jsou shodn\u00e9 s t\u011bmi, kter\u00e9 plat\u00ed pro subjekty ve\u0159ejn\u00e9 spr\u00e1vy a jsou specifikov\u00e1ny v z\u00e1kon\u011b \u010d.\u00a0<a href=\"https:\/\/www.zakonyprolidi.cz\/cs\/2019-99\">\u010d.\u00a099\/2019 Sb.<\/a> Podrobnosti jsou d\u00e1ny technickou normou EN 301 549, kter\u00e1 odkazuje na pokyn <a href=\"https:\/\/sites.google.com\/view\/pristupnost-informaci\/normy\/wcag-2-0\">WCAG 2.0.<\/a>, p\u0159\u00edpadn\u011b 2.1.<\/p><p style=\"font-weight: 400;\">Povinn\u00fd subjekt mus\u00ed internetov\u00e9 str\u00e1nky a mobiln\u00ed aplikace pro jejich u\u017eivatele, zejm\u00e9na pro osoby se zdravotn\u00edm posti\u017een\u00edm, u\u010dinit<\/p><ul><li>dostupn\u00fdmi,<\/li><li>\u010diteln\u00fdmi,<\/li><li>vn\u00edmateln\u00fdmi,<\/li><li>ovladateln\u00fdmi,<\/li><li>srozumiteln\u00fdmi a<\/li><li>stabiln\u00edmi.<\/li><\/ul><p style=\"font-weight: 400;\">V aplikovateln\u00e9 praxi to znamen\u00e1, \u017ee<\/p><ul><li>internetov\u00e9 str\u00e1nky a<\/li><li>mobiln\u00ed aplikace<\/li><\/ul><p style=\"font-weight: 400;\">mus\u00ed respektovat zm\u011bny podoby u\u017eivatelsk\u00e9ho rozhran\u00ed vyvolan\u00e9 pou\u017eit\u00edm vestav\u011bn\u00fdch funkc\u00ed p\u0159\u00edstupnosti a asistovan\u00e9ho p\u0159\u00edstupu v pou\u017eit\u00e9m opera\u010dn\u00edm syst\u00e9mu a umo\u017e\u0148ovat vyu\u017eit\u00ed minim\u00e1ln\u011b t\u011bchto vestav\u011bn\u00fdch funkc\u00ed (dle zvolen\u00e9 platformy):<\/p><ul><li>p\u0159ibli\u017eov\u00e1n\u00ed a oddalov\u00e1n\u00ed,<\/li><li>posun v\u00fd\u0159ezu,<\/li><li>vysok\u00fd kontrast,<\/li><li>hlasov\u00e9 ovl\u00e1dac\u00ed prvky,<\/li><li>\u010dten\u00ed zobrazovan\u00e9ho obsahu.<\/li><\/ul><p style=\"font-weight: 400;\">O spln\u011bn\u00ed podm\u00ednek p\u0159\u00edstupnosti je povinn\u00fd subjekt povinen u\u010dinit prohl\u00e1\u0161en\u00ed, ve kter\u00e9m sd\u011bl\u00ed rozsah spln\u011bn\u00ed podm\u00ednek p\u0159\u00edstupnosti.<\/p><p style=\"font-weight: 400;\"><strong>P\u0159i realizaci informa\u010dn\u00edch syst\u00e9m\u016f, do kter\u00fdch je t\u0159eba krom\u011b internetov\u00fdch str\u00e1nek a mobiln\u00edch aplikac\u00ed zahrnout i informa\u010dn\u00ed panely, prodejn\u00ed automaty a valid\u00e1tory, je nutn\u00e9 s koncov\u00fdm u\u017eivatelem a jeho specifick\u00fdmi pot\u0159ebami pro p\u0159\u00edstupnost po\u010d\u00edtat ji\u017e od prvotn\u00edho n\u00e1vrhu.<\/strong><\/p><p style=\"font-weight: 400;\">Je nezbytn\u00e9 zajistit, aby v\u0161echny relevantn\u00ed informace, v\u010detn\u011b t\u011bch na webov\u00fdch str\u00e1nk\u00e1ch a aplikac\u00edch, byly poskytov\u00e1ny nejen v p\u00edsemn\u00e9 podob\u011b, ale i v \u010desk\u00e9m znakov\u00e9m jazyce. U vide\u00ed (v\u010detn\u011b kr\u00e1tk\u00fdch) je nutn\u00e9 zahrnout titulky pro zaji\u0161t\u011bn\u00ed p\u0159\u00edstupnosti pro osoby se sluchov\u00fdm posti\u017een\u00edm.<\/p><p style=\"font-weight: 400;\">V souladu se z\u00e1konem \u010d. 99\/2019 Sb. a pokyny WCAG 2.0 je nutn\u00e9 doplnit podm\u00ednky p\u0159\u00edstupnosti internetov\u00fdch str\u00e1nek a mobiln\u00edch aplikac\u00ed o volitelnou formu informac\u00ed tak\u00e9 v \u010desk\u00e9m znakov\u00e9m jazyce.<\/p>\t\t\t\t\t\t\t\t<\/div>\n\t\t\t\t<\/div>\n\t\t\t\t\t<\/div>\n\t\t<\/div>\n\t\t\t\t\t<\/div>\n\t\t<\/section>\n\t\t\t\t<\/div>\n\t\t","protected":false},"excerpt":{"rendered":"<p>P\u0159\u00edstupnost v\u00fdrobk\u016f a slu\u017eeb Sm\u011brnice evropsk\u00e9ho parlamentu a rady (EU) \u010d.\u00a02019\/882 ze dne 17. dubna 2019 o po\u017eadavc\u00edch na p\u0159\u00edstupnost u v\u00fdrobk\u016f a slu\u017eeb byla do \u010desk\u00e9ho pr\u00e1vn\u00edho \u0159\u00e1du transponov\u00e1na z\u00e1konem \u00a0\u010d.\u00a0424\/2023\u00a0Sb., o po\u017eadavc\u00edch na p\u0159\u00edstupnost n\u011bkter\u00fdch v\u00fdrobk\u016f a slu\u017eeb, kter\u00fd nabyl \u00fa\u010dinnosti 28.\u00a0\u010dervna 2025.\u00a0\u00a0 Z\u00e1kon obsahuje n\u011bkolik p\u0159echodn\u00fdch ustanoven\u00ed, kter\u00e1 hovo\u0159\u00ed o tom jak [&hellip;]<\/p>\n","protected":false},"author":1,"featured_media":0,"parent":0,"menu_order":0,"comment_status":"closed","ping_status":"closed","template":"","meta":{"footnotes":""},"class_list":["post-2578","page","type-page","status-publish","hentry"],"_links":{"self":[{"href":"https:\/\/svodbohemia.cz\/index.php\/wp-json\/wp\/v2\/pages\/2578","targetHints":{"allow":["GET"]}}],"collection":[{"href":"https:\/\/svodbohemia.cz\/index.php\/wp-json\/wp\/v2\/pages"}],"about":[{"href":"https:\/\/svodbohemia.cz\/index.php\/wp-json\/wp\/v2\/types\/page"}],"author":[{"embeddable":true,"href":"https:\/\/svodbohemia.cz\/index.php\/wp-json\/wp\/v2\/users\/1"}],"replies":[{"embeddable":true,"href":"https:\/\/svodbohemia.cz\/index.php\/wp-json\/wp\/v2\/comments?post=2578"}],"version-history":[{"count":20,"href":"https:\/\/svodbohemia.cz\/index.php\/wp-json\/wp\/v2\/pages\/2578\/revisions"}],"predecessor-version":[{"id":2635,"href":"https:\/\/svodbohemia.cz\/index.php\/wp-json\/wp\/v2\/pages\/2578\/revisions\/2635"}],"wp:attachment":[{"href":"https:\/\/svodbohemia.cz\/index.php\/wp-json\/wp\/v2\/media?parent=2578"}],"curies":[{"name":"wp","href":"https:\/\/api.w.org\/{rel}","templated":true}]}}